{"version":"1.0","provider_name":"Nota Oficial","provider_url":"https:\/\/www.notaoficial.com\/s","author_name":"K","author_url":"https:\/\/www.notaoficial.com\/s\/author\/kalina\/","title":"Andr\u00e9s Mata debuta con \u201cGuayoyo\u201d - Nota Oficial","type":"rich","width":600,"height":338,"html":"<blockquote class=\"wp-embedded-content\" data-secret=\"rs3B1RNJe5\"><a href=\"https:\/\/www.notaoficial.com\/s\/2018\/07\/26\/andres-mata-debuta-con-guayoyo\/\">Andr\u00e9s Mata debuta con \u201cGuayoyo\u201d<\/a><\/blockquote><iframe sandbox=\"allow-scripts\" security=\"restricted\" src=\"https:\/\/www.notaoficial.com\/s\/2018\/07\/26\/andres-mata-debuta-con-guayoyo\/embed\/#?secret=rs3B1RNJe5\" width=\"600\" height=\"338\" title=\"\u00abAndr\u00e9s Mata debuta con \u201cGuayoyo\u201d\u00bb \u2014 Nota Oficial\" data-secret=\"rs3B1RNJe5\" frameborder=\"0\" marginwidth=\"0\" marginheight=\"0\" scrolling=\"no\" class=\"wp-embedded-content\"><\/iframe><script type=\"text\/javascript\">\n\/*! This file is auto-generated *\/\n!function(c,d){\"use strict\";var e=!1,o=!1;if(d.querySelector)if(c.addEventListener)e=!0;if(c.wp=c.wp||{},c.wp.receiveEmbedMessage);else if(c.wp.receiveEmbedMessage=function(e){var t=e.data;if(!t);else if(!(t.secret||t.message||t.value));else if(\/[^a-zA-Z0-9]\/.test(t.secret));else{for(var r,s,a,i=d.querySelectorAll('iframe[data-secret=\"'+t.secret+'\"]'),n=d.querySelectorAll('blockquote[data-secret=\"'+t.secret+'\"]'),o=new RegExp(\"^https?:$\",\"i\"),l=0;l<n.length;l++)n[l].style.display=\"none\";for(l=0;l<i.length;l++)if(r=i[l],e.source!==r.contentWindow);else{if(r.removeAttribute(\"style\"),\"height\"===t.message){if(1e3<(s=parseInt(t.value,10)))s=1e3;else if(~~s<200)s=200;r.height=s}if(\"link\"===t.message)if(s=d.createElement(\"a\"),a=d.createElement(\"a\"),s.href=r.getAttribute(\"src\"),a.href=t.value,!o.test(a.protocol));else if(a.host===s.host)if(d.activeElement===r)c.top.location.href=t.value}}},e)c.addEventListener(\"message\",c.wp.receiveEmbedMessage,!1),d.addEventListener(\"DOMContentLoaded\",t,!1),c.addEventListener(\"load\",t,!1);function t(){if(o);else{o=!0;for(var e,t,r,s=-1!==navigator.appVersion.indexOf(\"MSIE 10\"),a=!!navigator.userAgent.match(\/Trident.*rv:11\\.\/),i=d.querySelectorAll(\"iframe.wp-embedded-content\"),n=0;n<i.length;n++){if(!(r=(t=i[n]).getAttribute(\"data-secret\")))r=Math.random().toString(36).substr(2,10),t.src+=\"#?secret=\"+r,t.setAttribute(\"data-secret\",r);if(s||a)(e=t.cloneNode(!0)).removeAttribute(\"security\"),t.parentNode.replaceChild(e,t);t.contentWindow.postMessage({message:\"ready\",secret:r},\"*\")}}}}(window,document);\n<\/script>\n","thumbnail_url":"https:\/\/www.notaoficial.com\/s\/wp-content\/uploads\/2018\/07\/unnamed11.jpg","thumbnail_width":720,"thumbnail_height":900,"description":"Bajo el g\u00e9nero latin soul, donde la percusi\u00f3n juega un papel protag\u00f3nico, el cantautor venezolano Andr\u00e9s Mata debuta como solista, con el sencillo \u201cGuayoyo\u201d, que estar\u00e1 disponible desde este lunes 16 de julio a trav\u00e9s de las plataformas digitales. El tema, con sonidos funk, escrito hace un a\u00f1o en playa Parguito, Isla de Margarita, plantea [&hellip;]"}