{"version":"1.0","provider_name":"Nota Oficial","provider_url":"https:\/\/www.notaoficial.com\/s","author_name":"K","author_url":"https:\/\/www.notaoficial.com\/s\/author\/kalina\/","title":"Alfareros presenta su \u00e1lbum 70 veces 7 - Nota Oficial","type":"rich","width":600,"height":338,"html":"<blockquote class=\"wp-embedded-content\" data-secret=\"VNV9YxQjIA\"><a href=\"https:\/\/www.notaoficial.com\/s\/2018\/08\/05\/alfareros-presenta-su-album-70-veces-7\/\">Alfareros presenta su \u00e1lbum 70 veces 7<\/a><\/blockquote><iframe sandbox=\"allow-scripts\" security=\"restricted\" src=\"https:\/\/www.notaoficial.com\/s\/2018\/08\/05\/alfareros-presenta-su-album-70-veces-7\/embed\/#?secret=VNV9YxQjIA\" width=\"600\" height=\"338\" title=\"\u00abAlfareros presenta su \u00e1lbum 70 veces 7\u00bb \u2014 Nota Oficial\" data-secret=\"VNV9YxQjIA\" frameborder=\"0\" marginwidth=\"0\" marginheight=\"0\" scrolling=\"no\" class=\"wp-embedded-content\"><\/iframe><script type=\"text\/javascript\">\n\/*! This file is auto-generated *\/\n!function(c,d){\"use strict\";var e=!1,o=!1;if(d.querySelector)if(c.addEventListener)e=!0;if(c.wp=c.wp||{},c.wp.receiveEmbedMessage);else if(c.wp.receiveEmbedMessage=function(e){var t=e.data;if(!t);else if(!(t.secret||t.message||t.value));else if(\/[^a-zA-Z0-9]\/.test(t.secret));else{for(var r,s,a,i=d.querySelectorAll('iframe[data-secret=\"'+t.secret+'\"]'),n=d.querySelectorAll('blockquote[data-secret=\"'+t.secret+'\"]'),o=new RegExp(\"^https?:$\",\"i\"),l=0;l<n.length;l++)n[l].style.display=\"none\";for(l=0;l<i.length;l++)if(r=i[l],e.source!==r.contentWindow);else{if(r.removeAttribute(\"style\"),\"height\"===t.message){if(1e3<(s=parseInt(t.value,10)))s=1e3;else if(~~s<200)s=200;r.height=s}if(\"link\"===t.message)if(s=d.createElement(\"a\"),a=d.createElement(\"a\"),s.href=r.getAttribute(\"src\"),a.href=t.value,!o.test(a.protocol));else if(a.host===s.host)if(d.activeElement===r)c.top.location.href=t.value}}},e)c.addEventListener(\"message\",c.wp.receiveEmbedMessage,!1),d.addEventListener(\"DOMContentLoaded\",t,!1),c.addEventListener(\"load\",t,!1);function t(){if(o);else{o=!0;for(var e,t,r,s=-1!==navigator.appVersion.indexOf(\"MSIE 10\"),a=!!navigator.userAgent.match(\/Trident.*rv:11\\.\/),i=d.querySelectorAll(\"iframe.wp-embedded-content\"),n=0;n<i.length;n++){if(!(r=(t=i[n]).getAttribute(\"data-secret\")))r=Math.random().toString(36).substr(2,10),t.src+=\"#?secret=\"+r,t.setAttribute(\"data-secret\",r);if(s||a)(e=t.cloneNode(!0)).removeAttribute(\"security\"),t.parentNode.replaceChild(e,t);t.contentWindow.postMessage({message:\"ready\",secret:r},\"*\")}}}}(window,document);\n<\/script>\n","thumbnail_url":"https:\/\/www.notaoficial.com\/s\/wp-content\/uploads\/2018\/08\/unnamed.jpg","thumbnail_width":1180,"thumbnail_height":1770,"description":"La agrupaci\u00f3n de m\u00fasica cat\u00f3lica Alfareros presenta su nuevo \u00e1lbum \u201c70 veces 7\u201d, de donde se desprende su sencillo promocional \u201cNadie que no seas t\u00fa\u201d, que cuenta con un v\u00eddeo grabado en Santo Domingo, Rep\u00fablica Dominicana. Vea el v\u00eddeo \u201cNadie que no seas t\u00fa\u201d Alfareros, grupo que nace en la ciudad de La Romana, Rep\u00fablica [&hellip;]"}