{"version":"1.0","provider_name":"Nota Oficial","provider_url":"https:\/\/www.notaoficial.com\/s","author_name":"K","author_url":"https:\/\/www.notaoficial.com\/s\/author\/kalina\/","title":"Fernando G\u00f3mez, Pionero en la Ortoregeneraci\u00f3n \u00d3sea - Nota Oficial","type":"rich","width":600,"height":338,"html":"<blockquote class=\"wp-embedded-content\" data-secret=\"aFxU1FemMd\"><a href=\"https:\/\/www.notaoficial.com\/s\/2024\/03\/18\/fernando-gomez-pionero-en-la-ortoregeneracion-osea\/\">Fernando G\u00f3mez, Pionero en la Ortoregeneraci\u00f3n \u00d3sea<\/a><\/blockquote><iframe sandbox=\"allow-scripts\" security=\"restricted\" src=\"https:\/\/www.notaoficial.com\/s\/2024\/03\/18\/fernando-gomez-pionero-en-la-ortoregeneracion-osea\/embed\/#?secret=aFxU1FemMd\" width=\"600\" height=\"338\" title=\"\u00abFernando G\u00f3mez, Pionero en la Ortoregeneraci\u00f3n \u00d3sea\u00bb \u2014 Nota Oficial\" data-secret=\"aFxU1FemMd\" frameborder=\"0\" marginwidth=\"0\" marginheight=\"0\" scrolling=\"no\" class=\"wp-embedded-content\"><\/iframe><script type=\"text\/javascript\">\n\/*! This file is auto-generated *\/\n!function(c,d){\"use strict\";var e=!1,o=!1;if(d.querySelector)if(c.addEventListener)e=!0;if(c.wp=c.wp||{},c.wp.receiveEmbedMessage);else if(c.wp.receiveEmbedMessage=function(e){var t=e.data;if(!t);else if(!(t.secret||t.message||t.value));else if(\/[^a-zA-Z0-9]\/.test(t.secret));else{for(var r,s,a,i=d.querySelectorAll('iframe[data-secret=\"'+t.secret+'\"]'),n=d.querySelectorAll('blockquote[data-secret=\"'+t.secret+'\"]'),o=new RegExp(\"^https?:$\",\"i\"),l=0;l<n.length;l++)n[l].style.display=\"none\";for(l=0;l<i.length;l++)if(r=i[l],e.source!==r.contentWindow);else{if(r.removeAttribute(\"style\"),\"height\"===t.message){if(1e3<(s=parseInt(t.value,10)))s=1e3;else if(~~s<200)s=200;r.height=s}if(\"link\"===t.message)if(s=d.createElement(\"a\"),a=d.createElement(\"a\"),s.href=r.getAttribute(\"src\"),a.href=t.value,!o.test(a.protocol));else if(a.host===s.host)if(d.activeElement===r)c.top.location.href=t.value}}},e)c.addEventListener(\"message\",c.wp.receiveEmbedMessage,!1),d.addEventListener(\"DOMContentLoaded\",t,!1),c.addEventListener(\"load\",t,!1);function t(){if(o);else{o=!0;for(var e,t,r,s=-1!==navigator.appVersion.indexOf(\"MSIE 10\"),a=!!navigator.userAgent.match(\/Trident.*rv:11\\.\/),i=d.querySelectorAll(\"iframe.wp-embedded-content\"),n=0;n<i.length;n++){if(!(r=(t=i[n]).getAttribute(\"data-secret\")))r=Math.random().toString(36).substr(2,10),t.src+=\"#?secret=\"+r,t.setAttribute(\"data-secret\",r);if(s||a)(e=t.cloneNode(!0)).removeAttribute(\"security\"),t.parentNode.replaceChild(e,t);t.contentWindow.postMessage({message:\"ready\",secret:r},\"*\")}}}}(window,document);\n<\/script>\n","thumbnail_url":"https:\/\/www.notaoficial.com\/s\/wp-content\/uploads\/2024\/03\/aaa.png","thumbnail_width":225,"thumbnail_height":150,"description":"El mundo de la medicina ortop\u00e9dica se inclina ante el genio del\u00a0DR. FERNANDO G\u00d3MEZ! Este destacado m\u00e9dico venezolano ha alcanzado un nuevo pin\u00e1culo al ser\u00a0NOMINADO PARA LOS CODICIADOS PREMIOS LATINMARA INTERNACIONAL 2024, EN LA CATEGOR\u00cdA DE CIRUJANO TRAUMAT\u00d3LOGO Y ORTOPEDISTA INVESTIGADOR DE MAYOR \u00c9XITO.\u00a0El anuncio, que ha enviado ondas de emoci\u00f3n en la comunidad m\u00e9dica, [&hellip;]"}